{"id":1419,"date":"2023-12-11T21:38:20","date_gmt":"2023-12-11T20:38:20","guid":{"rendered":"http:\/\/www.geschiedenismelderslo.nl\/wordpress\/?page_id=1419"},"modified":"2023-12-11T21:43:56","modified_gmt":"2023-12-11T20:43:56","slug":"dagwinkel","status":"publish","type":"page","link":"https:\/\/www.geschiedenismelderslo.nl\/wordpress\/nieuwsbrief\/2023-2\/dagwinkel\/","title":{"rendered":"2023-11: Wist u dat &#8230; pand van Dagwinkel ooit als Bondszaal begon?"},"content":{"rendered":"\n<p>Nadat in 1917 een school, in 1919 een co\u00f6peratie en in 1921 een kerk was gebouwd, begon het dorp Melderslo langzaam te groeien. Niet alleen de bevolking nam toe, ook kwam het verenigingsleven tot ontwikkeling. Een geschikte vergaderruimte voor deze verenigingen was niet voorhanden. Vaak werd een lege ruimte van de lagere school of bakkerij van de co\u00f6peratie gebruikt. Zo ook het mannenkoor dat in de wintermaanden, bij schaarse verlichting van een olielamp in een leeg klaslokaal repeteerde.<br><br>De voorzitter van de co\u00f6peratie nam in 1927 het initiatief om een zaal te bouwen. Om concurrentie met&nbsp;Melderslose&nbsp;kasteleins te voorkomen, mocht de zaal geen caf\u00e9 worden. Alleen tijdens in de zaal gehouden feesten mocht er alcohol geschonken worden. De co\u00f6peratie nam de financiering voor haar rekening en alle&nbsp;Melderslose&nbsp;verenigingen besloten een jaarlijkse bijdrage te leveren in de rentelasten van de zaal.<\/p>\n\n\n\n<p>De gemeente verleende in november 1927 toestemming tot de bouw van de bondszaal. Het gebouw werd ontworpen door architect M. Keijsers uit Horst, die eerder in 1919 de gebouwen van de aangrenzende co\u00f6peratie ontwierp. Keijsers ontwierp een zaal van 19 meter lang en 8.50 meter breed. Over de volle breedte was de zaal voorzien van een toneel. In de voor- en achtergevel van het pand werden gevelstenen ingemetseld met daarop de naam \u201cBondszaal\u201d. Anno 2023 bestaat alleen de steen in de achtergevel nog (afb. 1, 2 en 3).<\/p>\n\n\n<div class=\"wp-block-image\">\n<figure class=\"aligncenter size-large\"><a href=\"http:\/\/www.geschiedenismelderslo.nl\/wordpress\/wp-content\/uploads\/2023\/12\/202311_01.png\" target=\"_blank\" rel=\"noreferrer noopener\"><img loading=\"lazy\" decoding=\"async\" width=\"1024\" height=\"379\" src=\"http:\/\/www.geschiedenismelderslo.nl\/wordpress\/wp-content\/uploads\/2023\/12\/202311_01-1024x379.png\" alt=\"202311_01\" class=\"wp-image-1401\" srcset=\"https:\/\/www.geschiedenismelderslo.nl\/wordpress\/wp-content\/uploads\/2023\/12\/202311_01-1024x379.png 1024w, https:\/\/www.geschiedenismelderslo.nl\/wordpress\/wp-content\/uploads\/2023\/12\/202311_01-300x111.png 300w, https:\/\/www.geschiedenismelderslo.nl\/wordpress\/wp-content\/uploads\/2023\/12\/202311_01-768x284.png 768w, https:\/\/www.geschiedenismelderslo.nl\/wordpress\/wp-content\/uploads\/2023\/12\/202311_01.png 1386w\" sizes=\"auto, (max-width: 1024px) 100vw, 1024px\" \/><\/a><figcaption class=\"wp-element-caption\">Afbeelding 1.<\/figcaption><\/figure><\/div>\n\n<div class=\"wp-block-image\">\n<figure class=\"aligncenter size-large\"><a href=\"http:\/\/www.geschiedenismelderslo.nl\/wordpress\/wp-content\/uploads\/2023\/12\/202311_02-scaled.jpg\" target=\"_blank\" rel=\"noreferrer noopener\"><img loading=\"lazy\" decoding=\"async\" width=\"1024\" height=\"683\" src=\"http:\/\/www.geschiedenismelderslo.nl\/wordpress\/wp-content\/uploads\/2023\/12\/202311_02-1024x683.jpg\" alt=\"202311_02\" class=\"wp-image-1402\" srcset=\"https:\/\/www.geschiedenismelderslo.nl\/wordpress\/wp-content\/uploads\/2023\/12\/202311_02-1024x683.jpg 1024w, https:\/\/www.geschiedenismelderslo.nl\/wordpress\/wp-content\/uploads\/2023\/12\/202311_02-300x200.jpg 300w, https:\/\/www.geschiedenismelderslo.nl\/wordpress\/wp-content\/uploads\/2023\/12\/202311_02-768x512.jpg 768w, https:\/\/www.geschiedenismelderslo.nl\/wordpress\/wp-content\/uploads\/2023\/12\/202311_02-1536x1024.jpg 1536w, https:\/\/www.geschiedenismelderslo.nl\/wordpress\/wp-content\/uploads\/2023\/12\/202311_02-2048x1365.jpg 2048w\" sizes=\"auto, (max-width: 1024px) 100vw, 1024px\" \/><\/a><figcaption class=\"wp-element-caption\">Afbeelding 2.<\/figcaption><\/figure><\/div>\n\n<div class=\"wp-block-image\">\n<figure class=\"aligncenter size-large\"><a href=\"http:\/\/www.geschiedenismelderslo.nl\/wordpress\/wp-content\/uploads\/2023\/12\/202311_03-scaled.jpg\" target=\"_blank\" rel=\"noreferrer noopener\"><img loading=\"lazy\" decoding=\"async\" width=\"728\" height=\"1024\" src=\"http:\/\/www.geschiedenismelderslo.nl\/wordpress\/wp-content\/uploads\/2023\/12\/202311_03-728x1024.jpg\" alt=\"202311_03\" class=\"wp-image-1403\" srcset=\"https:\/\/www.geschiedenismelderslo.nl\/wordpress\/wp-content\/uploads\/2023\/12\/202311_03-728x1024.jpg 728w, https:\/\/www.geschiedenismelderslo.nl\/wordpress\/wp-content\/uploads\/2023\/12\/202311_03-213x300.jpg 213w, https:\/\/www.geschiedenismelderslo.nl\/wordpress\/wp-content\/uploads\/2023\/12\/202311_03-768x1081.jpg 768w, https:\/\/www.geschiedenismelderslo.nl\/wordpress\/wp-content\/uploads\/2023\/12\/202311_03-1091x1536.jpg 1091w, https:\/\/www.geschiedenismelderslo.nl\/wordpress\/wp-content\/uploads\/2023\/12\/202311_03-1455x2048.jpg 1455w, https:\/\/www.geschiedenismelderslo.nl\/wordpress\/wp-content\/uploads\/2023\/12\/202311_03-scaled.jpg 1819w\" sizes=\"auto, (max-width: 728px) 100vw, 728px\" \/><\/a><figcaption class=\"wp-element-caption\">Afbeelding 3.<\/figcaption><\/figure><\/div>\n\n\n<p>In februari 1928 was het gebouw zover gereed, zodat zangvereniging Eendracht er de eerste winteruitvoering kon opvoeren.<\/p>\n\n\n\n<p>Regelmatig werden in de zaal muziekavonden georganiseerd. Deze werden niet alleen door dorpsbewoners bezocht, maar ook&nbsp;buitendorpse&nbsp;wisten de weg naar Melderslo te vinden. Een groepje jongeren mocht vanwege de drukte niet naar binnen. Uit ongenoegen hebben ze toen een ton regenwater door het portaaltje de zaal ingegooid.<\/p>\n\n\n\n<p>De bondszaal werd verder regelmatig gebruikt als repetitieruimte voor de toneelvereniging, als vergaderzaal, of als feestzaal. Daarnaast is de zaal ook een tijdlang gebruikt als gymnastiekzaal voor de lagere school (afb. 4).<\/p>\n\n\n<div class=\"wp-block-image\">\n<figure class=\"aligncenter size-large\"><a href=\"http:\/\/www.geschiedenismelderslo.nl\/wordpress\/wp-content\/uploads\/2023\/12\/202311_04.png\" target=\"_blank\" rel=\"noreferrer noopener\"><img loading=\"lazy\" decoding=\"async\" width=\"1024\" height=\"686\" src=\"http:\/\/www.geschiedenismelderslo.nl\/wordpress\/wp-content\/uploads\/2023\/12\/202311_04-1024x686.png\" alt=\"202311_04\" class=\"wp-image-1404\" srcset=\"https:\/\/www.geschiedenismelderslo.nl\/wordpress\/wp-content\/uploads\/2023\/12\/202311_04-1024x686.png 1024w, https:\/\/www.geschiedenismelderslo.nl\/wordpress\/wp-content\/uploads\/2023\/12\/202311_04-300x201.png 300w, https:\/\/www.geschiedenismelderslo.nl\/wordpress\/wp-content\/uploads\/2023\/12\/202311_04-768x515.png 768w, https:\/\/www.geschiedenismelderslo.nl\/wordpress\/wp-content\/uploads\/2023\/12\/202311_04-1536x1029.png 1536w, https:\/\/www.geschiedenismelderslo.nl\/wordpress\/wp-content\/uploads\/2023\/12\/202311_04-2048x1372.png 2048w\" sizes=\"auto, (max-width: 1024px) 100vw, 1024px\" \/><\/a><figcaption class=\"wp-element-caption\">Afbeelding 4.<\/figcaption><\/figure><\/div>\n\n\n<h2 class=\"wp-block-heading\"><strong>Noodkerk (november 1944 \u2013 april 1953)<\/strong><\/h2>\n\n\n\n<p>Op 23 november 1944 bliezen de terugtrekkende Duitsers de&nbsp;Melderslose&nbsp;kerk op, wat resulteerde in een ru\u00efne met enkele opstaande muurresten. Al vrij snel werd besloten dat de bondszaal het enige gebouw was dat als noodkerk zou kunnen fungeren. Men haalde de nog bruikbare onderdelen onder het puin van de verwoeste kerk vandaan, zoals kerkbanken, altaarsteen en doopvont. Deze kregen allen een plaats in de bondszaal.<\/p>\n\n\n\n<p>Op het toneel van de bondszaal werd het altaar met altaarsteen geplaatst. De doopvont kreeg een plaats in de vroegere toiletruimte. Timmerman&nbsp;Alaerds&nbsp;maakte van houten onderdelen uit de verwoeste kerk een nieuw oksaal, waarop het kerkkoor plaats kon nemen. Tevens maakte hij, in samenwerking met Driek van Kuijk, een dakruiter waarin het klokje uit de pastorietuin werd gehangen. Voor meer lichtinval op het oksaal werd aan de voorgevel de gevelsteen verwijderd en vervangen door een venster. Daarboven werd aan de buitengevel een uurwerk met wijzerplaten bevestigd. Het harmonium van meester Nellen ging dienst doen als kerkorgel (afb. 5).<\/p>\n\n\n<div class=\"wp-block-image\">\n<figure class=\"aligncenter size-large\"><a href=\"http:\/\/www.geschiedenismelderslo.nl\/wordpress\/wp-content\/uploads\/2023\/12\/202311_05.png\" target=\"_blank\" rel=\"noreferrer noopener\"><img loading=\"lazy\" decoding=\"async\" width=\"1024\" height=\"633\" src=\"http:\/\/www.geschiedenismelderslo.nl\/wordpress\/wp-content\/uploads\/2023\/12\/202311_05-1024x633.png\" alt=\"202311_05\" class=\"wp-image-1405\" srcset=\"https:\/\/www.geschiedenismelderslo.nl\/wordpress\/wp-content\/uploads\/2023\/12\/202311_05-1024x633.png 1024w, https:\/\/www.geschiedenismelderslo.nl\/wordpress\/wp-content\/uploads\/2023\/12\/202311_05-300x185.png 300w, https:\/\/www.geschiedenismelderslo.nl\/wordpress\/wp-content\/uploads\/2023\/12\/202311_05-768x475.png 768w, https:\/\/www.geschiedenismelderslo.nl\/wordpress\/wp-content\/uploads\/2023\/12\/202311_05-1536x950.png 1536w, https:\/\/www.geschiedenismelderslo.nl\/wordpress\/wp-content\/uploads\/2023\/12\/202311_05.png 1551w\" sizes=\"auto, (max-width: 1024px) 100vw, 1024px\" \/><\/a><figcaption class=\"wp-element-caption\">Afbeelding 5.<\/figcaption><\/figure><\/div>\n\n\n<p>Door de inzet van talloze parochianen en medewerking van de co\u00f6peratie kon al op zondag 26 november 1944 de eerste mis in de bondszaal opgedragen worden. De bondszaal was eigenlijk te klein om als noodkerk dienst te doen. Daarom werden er op zondagen meerdere missen opgedragen.<br>De laatste mis vond plaats op zaterdagavond 11 april 1953 in een overvolle bondszaal. Daarna ging men in processie naar de nieuwgebouwde kerk, voor de\u00a0offici\u00eble\u00a0ingebruikname (afb. 6).<\/p>\n\n\n<div class=\"wp-block-image\">\n<figure class=\"aligncenter size-large\"><a href=\"http:\/\/www.geschiedenismelderslo.nl\/wordpress\/wp-content\/uploads\/2023\/12\/202311_06.png\" target=\"_blank\" rel=\"noreferrer noopener\"><img loading=\"lazy\" decoding=\"async\" width=\"1024\" height=\"725\" src=\"http:\/\/www.geschiedenismelderslo.nl\/wordpress\/wp-content\/uploads\/2023\/12\/202311_06-1024x725.png\" alt=\"202311_06\" class=\"wp-image-1406\" srcset=\"https:\/\/www.geschiedenismelderslo.nl\/wordpress\/wp-content\/uploads\/2023\/12\/202311_06-1024x725.png 1024w, https:\/\/www.geschiedenismelderslo.nl\/wordpress\/wp-content\/uploads\/2023\/12\/202311_06-300x213.png 300w, https:\/\/www.geschiedenismelderslo.nl\/wordpress\/wp-content\/uploads\/2023\/12\/202311_06-768x544.png 768w, https:\/\/www.geschiedenismelderslo.nl\/wordpress\/wp-content\/uploads\/2023\/12\/202311_06-1536x1088.png 1536w, https:\/\/www.geschiedenismelderslo.nl\/wordpress\/wp-content\/uploads\/2023\/12\/202311_06.png 1602w\" sizes=\"auto, (max-width: 1024px) 100vw, 1024px\" \/><\/a><figcaption class=\"wp-element-caption\">Afbeelding 6.<\/figcaption><\/figure><\/div>\n\n\n<h2 class=\"wp-block-heading\"><strong>Weer in gebruik voor het verenigingsleven (vanaf 1953)<\/strong><\/h2>\n\n\n\n<p>De bondszaal kon vanaf dat moment, na een kleine opknapbeurt, weer in gebruik worden genomen voor het verenigingsleven.<\/p>\n\n\n\n<p>Sef Spreeuwenberg, werkzaam bij de co\u00f6peraties van Melderslo en Lottum, werd als beheerder aangesteld. Hij diende de zaal zodanig te onderhouden, zodat deze bruikbaar was voor het verenigingsleven. Het gebruik van de zaal was kosteloos en de verbruikskosten bleven voor rekening de co\u00f6peratie. Maar door het intensieve gebruik en de alsmaar stijgende kosten voor het onderhoud, besloot men in 1957 om de zaal te verkopen.<\/p>\n\n\n\n<h2 class=\"wp-block-heading\"><strong>Caf\u00e9-zaal Spreeuwenberg (1957<\/strong><strong> &#8211;<\/strong><strong>&nbsp;maart 1961)<\/strong><\/h2>\n\n\n\n<p>Sef Spreeuwenberg en zijn vrouw Mien&nbsp;Spreeuwenberg-Seuren&nbsp;besloten om de bondszaal van de co\u00f6peratie over te kopen. In hetzelfde jaar vroeg Sef een vergunning aan om een deel van de zaal te verbouwen tot caf\u00e9 en woonruimte.<\/p>\n\n\n\n<p>Van het voorste gedeelte van de zaal (circa acht meter) werd het dak verwijderd en de gevels opgehoogd. Hierdoor ontstond een volwaardige bovenverdieping, die dienst ging doen als appartement (waar Sef en zijn vrouw Mien gingen wonen). De begane grond kreeg de functie van caf\u00e9. Door deze verbouwing werd een deel van de bondszaal opgeofferd en werd hiermee dus iets kleiner (afb. 7).<\/p>\n\n\n<div class=\"wp-block-image\">\n<figure class=\"aligncenter size-large\"><a href=\"http:\/\/www.geschiedenismelderslo.nl\/wordpress\/wp-content\/uploads\/2023\/12\/202311_07.png\" target=\"_blank\" rel=\"noreferrer noopener\"><img loading=\"lazy\" decoding=\"async\" width=\"1024\" height=\"684\" src=\"http:\/\/www.geschiedenismelderslo.nl\/wordpress\/wp-content\/uploads\/2023\/12\/202311_07-1024x684.png\" alt=\"202311_07\" class=\"wp-image-1407\" srcset=\"https:\/\/www.geschiedenismelderslo.nl\/wordpress\/wp-content\/uploads\/2023\/12\/202311_07-1024x684.png 1024w, https:\/\/www.geschiedenismelderslo.nl\/wordpress\/wp-content\/uploads\/2023\/12\/202311_07-300x200.png 300w, https:\/\/www.geschiedenismelderslo.nl\/wordpress\/wp-content\/uploads\/2023\/12\/202311_07-768x513.png 768w, https:\/\/www.geschiedenismelderslo.nl\/wordpress\/wp-content\/uploads\/2023\/12\/202311_07.png 1477w\" sizes=\"auto, (max-width: 1024px) 100vw, 1024px\" \/><\/a><figcaption class=\"wp-element-caption\">Afbeelding 7.<\/figcaption><\/figure><\/div>\n\n\n<p>Sef en Mien hebben het caf\u00e9 en zaal gerund tot maart 1961. Daarna verhuisde het echtpaar naar de&nbsp;Broekhuizerdijk. Het caf\u00e9 en de zaal werden verkocht aan Jan Mooren.<\/p>\n\n\n\n<h2 class=\"wp-block-heading\"><strong>Caf\u00e9-zaal&nbsp;Moorren&nbsp;(maart 1961<\/strong><strong> &#8211; <\/strong><strong>1965)<\/strong><\/h2>\n\n\n\n<p>Vanaf maart 1961 werden Jan Mooren en zijn vrouw Doortje&nbsp;Moorren-Spreeuwenberg&nbsp;eigenaar van het caf\u00e9 en zaal. In deze periode werd carnavalsvereniging de Vlaskop opgericht (oktober 1962) en een aantal carnavalsactiviteiten werden in de bondszaal gevierd (afb. 8 en 9).<\/p>\n\n\n<div class=\"wp-block-image\">\n<figure class=\"aligncenter size-large\"><a href=\"http:\/\/www.geschiedenismelderslo.nl\/wordpress\/wp-content\/uploads\/2023\/12\/202311_08.png\" target=\"_blank\" rel=\"noreferrer noopener\"><img loading=\"lazy\" decoding=\"async\" width=\"638\" height=\"1024\" src=\"http:\/\/www.geschiedenismelderslo.nl\/wordpress\/wp-content\/uploads\/2023\/12\/202311_08-638x1024.png\" alt=\"202311_08\" class=\"wp-image-1408\" srcset=\"https:\/\/www.geschiedenismelderslo.nl\/wordpress\/wp-content\/uploads\/2023\/12\/202311_08-638x1024.png 638w, https:\/\/www.geschiedenismelderslo.nl\/wordpress\/wp-content\/uploads\/2023\/12\/202311_08-187x300.png 187w, https:\/\/www.geschiedenismelderslo.nl\/wordpress\/wp-content\/uploads\/2023\/12\/202311_08-768x1233.png 768w, https:\/\/www.geschiedenismelderslo.nl\/wordpress\/wp-content\/uploads\/2023\/12\/202311_08-957x1536.png 957w, https:\/\/www.geschiedenismelderslo.nl\/wordpress\/wp-content\/uploads\/2023\/12\/202311_08.png 1116w\" sizes=\"auto, (max-width: 638px) 100vw, 638px\" \/><\/a><figcaption class=\"wp-element-caption\">Afbeelding 8.<\/figcaption><\/figure><\/div>\n\n<div class=\"wp-block-image\">\n<figure class=\"aligncenter size-large\"><a href=\"http:\/\/www.geschiedenismelderslo.nl\/wordpress\/wp-content\/uploads\/2023\/12\/202311_09.png\" target=\"_blank\" rel=\"noreferrer noopener\"><img loading=\"lazy\" decoding=\"async\" width=\"985\" height=\"1024\" src=\"http:\/\/www.geschiedenismelderslo.nl\/wordpress\/wp-content\/uploads\/2023\/12\/202311_09-985x1024.png\" alt=\"202311_09\" class=\"wp-image-1409\" srcset=\"https:\/\/www.geschiedenismelderslo.nl\/wordpress\/wp-content\/uploads\/2023\/12\/202311_09-985x1024.png 985w, https:\/\/www.geschiedenismelderslo.nl\/wordpress\/wp-content\/uploads\/2023\/12\/202311_09-289x300.png 289w, https:\/\/www.geschiedenismelderslo.nl\/wordpress\/wp-content\/uploads\/2023\/12\/202311_09-768x798.png 768w, https:\/\/www.geschiedenismelderslo.nl\/wordpress\/wp-content\/uploads\/2023\/12\/202311_09.png 1225w\" sizes=\"auto, (max-width: 985px) 100vw, 985px\" \/><\/a><figcaption class=\"wp-element-caption\">Afbeelding 9.<\/figcaption><\/figure><\/div>\n\n\n<p>De zaak werd in 1965 verkocht aan Jeu&nbsp;Vousten.<\/p>\n\n\n\n<h2 class=\"wp-block-heading\"><strong>Caf\u00e9-zaal&nbsp;Vousten&nbsp;(1965<\/strong><strong> &#8211; <\/strong><strong>1974)<\/strong><\/h2>\n\n\n\n<p>Begin 1965 werd Jeu&nbsp;Vousten&nbsp;eigenaar van het caf\u00e9 en zaal. Hij trouwde op 27 januari 1965 met Mieke&nbsp;Vousten-Janssen. Hun huwelijksfeest werd gehouden in de zaal, die toen net hun eigendom was. Het echtpaar nam hun intrek in het appartement boven het caf\u00e9 (afb. 10).<\/p>\n\n\n<div class=\"wp-block-image\">\n<figure class=\"aligncenter size-large\"><a href=\"http:\/\/www.geschiedenismelderslo.nl\/wordpress\/wp-content\/uploads\/2023\/12\/202311_10.png\" target=\"_blank\" rel=\"noreferrer noopener\"><img loading=\"lazy\" decoding=\"async\" width=\"1024\" height=\"667\" src=\"http:\/\/www.geschiedenismelderslo.nl\/wordpress\/wp-content\/uploads\/2023\/12\/202311_10-1024x667.png\" alt=\"202311_10\" class=\"wp-image-1410\" srcset=\"https:\/\/www.geschiedenismelderslo.nl\/wordpress\/wp-content\/uploads\/2023\/12\/202311_10-1024x667.png 1024w, https:\/\/www.geschiedenismelderslo.nl\/wordpress\/wp-content\/uploads\/2023\/12\/202311_10-300x195.png 300w, https:\/\/www.geschiedenismelderslo.nl\/wordpress\/wp-content\/uploads\/2023\/12\/202311_10-768x500.png 768w, https:\/\/www.geschiedenismelderslo.nl\/wordpress\/wp-content\/uploads\/2023\/12\/202311_10-1536x1000.png 1536w, https:\/\/www.geschiedenismelderslo.nl\/wordpress\/wp-content\/uploads\/2023\/12\/202311_10.png 1629w\" sizes=\"auto, (max-width: 1024px) 100vw, 1024px\" \/><\/a><figcaption class=\"wp-element-caption\">Afbeelding 10.<\/figcaption><\/figure><\/div>\n\n\n<p>In 1967 werd aan de rechterkant van de zaal een garage en een keuken toegevoegd. An&nbsp;Driessen-Hegger&nbsp;was een van de&nbsp;kokkins&nbsp;die regelmatig tijdens bruiloften in de keuken diners bereidde en&nbsp;uitserveerde.<br><br>Op de vroege morgen van zaterdag 20 maart 1971 ontstond er een brand in het caf\u00e9, die waarschijnlijk veroorzaakt werd door een smeulende sigaret op de vloerbedekking. De overbuurman ontdekte de brand en heeft het gezin&nbsp;Vousten&nbsp;kunnen waarschuwen door kiezelsteentjes tegen de ramen van het appartement te gooien. Enkele gezinsleden konden de woning via de voordeur verlaten, een gezinslid werd door de brandweer via het slaapkamerraam bevrijd. Allen bleven ongedeerd. Na het blussen van de brand bleek dat onder andere het buffet, de vloeren en de toiletruimte waren beschadigd. De achterliggende bondszaal die gescheiden was door een wand bleef gespaard, maar had wel last van waterschade (afb. 11).<\/p>\n\n\n<div class=\"wp-block-image\">\n<figure class=\"aligncenter size-large\"><a href=\"http:\/\/www.geschiedenismelderslo.nl\/wordpress\/wp-content\/uploads\/2023\/12\/202311_11.png\" target=\"_blank\" rel=\"noreferrer noopener\"><img loading=\"lazy\" decoding=\"async\" width=\"1024\" height=\"736\" src=\"http:\/\/www.geschiedenismelderslo.nl\/wordpress\/wp-content\/uploads\/2023\/12\/202311_11-1024x736.png\" alt=\"202311_11\" class=\"wp-image-1411\" srcset=\"https:\/\/www.geschiedenismelderslo.nl\/wordpress\/wp-content\/uploads\/2023\/12\/202311_11-1024x736.png 1024w, https:\/\/www.geschiedenismelderslo.nl\/wordpress\/wp-content\/uploads\/2023\/12\/202311_11-300x216.png 300w, https:\/\/www.geschiedenismelderslo.nl\/wordpress\/wp-content\/uploads\/2023\/12\/202311_11-768x552.png 768w, https:\/\/www.geschiedenismelderslo.nl\/wordpress\/wp-content\/uploads\/2023\/12\/202311_11-1536x1103.png 1536w, https:\/\/www.geschiedenismelderslo.nl\/wordpress\/wp-content\/uploads\/2023\/12\/202311_11.png 1729w\" sizes=\"auto, (max-width: 1024px) 100vw, 1024px\" \/><\/a><figcaption class=\"wp-element-caption\">Afbeelding 11.<\/figcaption><\/figure><\/div>\n\n\n<p>Het caf\u00e9 werd hersteld en al op zaterdag 1 mei 1971 kon de kroeg heropend worden. Er werd een iets grotere bar geplaatst, met meer zitplaatsen.<\/p>\n\n\n\n<p>Jeu en Mieke hebben het caf\u00e9 en zaal gerund tot 1974.<\/p>\n\n\n\n<h2 class=\"wp-block-heading\"><strong>Caf\u00e9-zaal Van Dam (1974-1976)<\/strong><\/h2>\n\n\n\n<p>In 1974 kwam Ben van Dam in het&nbsp;caf\u00e9&nbsp;te staan. Hij huurde het&nbsp;caf\u00e9&nbsp;en zaal van de brouwerij. Van Dam was afkomstig van Noord-Brabant en heeft het caf\u00e9 enkele jaren gerund, tot ongeveer 1976.<\/p>\n\n\n\n<h2 class=\"wp-block-heading\"><strong>Caf\u00e9-zaal \u201cOme Joop\u201d (1976-1977)<\/strong><\/h2>\n\n\n\n<p>Omstreeks 1976 kwam Ome Joop in het caf\u00e9 te staan (zijn achternaam is onbekend). Ook hij huurde het caf\u00e9 en zaal. Ome Joop stond bekend om zijn glazen oog, die hij regelmatig als grap over de bar liet rollen. Hij heeft het caf\u00e9 niet lang gerund. In 1977 stond op een vroege morgen de verhuiswagen voor de deur en was hij met de noorderzon vertrokken.<\/p>\n\n\n\n<h2 class=\"wp-block-heading\"><strong>Caf\u00e9-zaal <\/strong><strong>\u2019<\/strong><strong>t Wiel<\/strong><strong> &#8211; <\/strong><strong>Wim en El van&nbsp;<\/strong><strong>Rijswijck<\/strong><strong>&nbsp;(1977<\/strong><strong> &#8211; <\/strong><strong>2000)<\/strong><\/h2>\n\n\n\n<p>In 1977 kochten Wim van Rijswijk en zijn vrouw El van&nbsp;Rijswijck-Heldens&nbsp;het caf\u00e9 en zaal. Als naam voor de zaak werd \u2019t Wiel bedacht, een samenvoeging van de voornamen&nbsp;WIm&nbsp;en EL. Op het afdak boven de ingang van het caf\u00e9 aan de Sint Odastraat kwam een houten&nbsp;karrenwiel&nbsp;te staan als uithangbord (afb. 12).<\/p>\n\n\n<div class=\"wp-block-image\">\n<figure class=\"aligncenter size-large\"><a href=\"http:\/\/www.geschiedenismelderslo.nl\/wordpress\/wp-content\/uploads\/2023\/12\/202311_12.png\" target=\"_blank\" rel=\"noreferrer noopener\"><img loading=\"lazy\" decoding=\"async\" width=\"1024\" height=\"647\" src=\"http:\/\/www.geschiedenismelderslo.nl\/wordpress\/wp-content\/uploads\/2023\/12\/202311_12-1024x647.png\" alt=\"202311_12\" class=\"wp-image-1412\" srcset=\"https:\/\/www.geschiedenismelderslo.nl\/wordpress\/wp-content\/uploads\/2023\/12\/202311_12-1024x647.png 1024w, https:\/\/www.geschiedenismelderslo.nl\/wordpress\/wp-content\/uploads\/2023\/12\/202311_12-300x190.png 300w, https:\/\/www.geschiedenismelderslo.nl\/wordpress\/wp-content\/uploads\/2023\/12\/202311_12-768x485.png 768w, https:\/\/www.geschiedenismelderslo.nl\/wordpress\/wp-content\/uploads\/2023\/12\/202311_12.png 1348w\" sizes=\"auto, (max-width: 1024px) 100vw, 1024px\" \/><\/a><figcaption class=\"wp-element-caption\">Afbeelding 12.<\/figcaption><\/figure><\/div>\n\n\n<p>In de periode 1978-1979 vonden er verbouwingen plaats. Aan de rechterkant van de zaal werd de keuken uitgebreid waarbij de garage verdween, kwamen er nieuwe ruimere toiletgroepen en een extra ingang met garderobe. De oude kleinere toiletgroepen die zich voorheen aan de linkerkant van het caf\u00e9 bevonden, verdwenen bij deze verbouwing. Door de verbouwingen verdween tevens de oprit aan de rechterkant van de zaal. Later werd de zaal in de lengte uitgebreid (afb. 13).<\/p>\n\n\n<div class=\"wp-block-image\">\n<figure class=\"aligncenter size-large is-resized\"><a href=\"http:\/\/www.geschiedenismelderslo.nl\/wordpress\/wp-content\/uploads\/2023\/12\/202311_13.png\" target=\"_blank\" rel=\"noreferrer noopener\"><img loading=\"lazy\" decoding=\"async\" src=\"http:\/\/www.geschiedenismelderslo.nl\/wordpress\/wp-content\/uploads\/2023\/12\/202311_13-1024x651.png\" alt=\"202311_13\" class=\"wp-image-1413\" width=\"501\" height=\"318\" srcset=\"https:\/\/www.geschiedenismelderslo.nl\/wordpress\/wp-content\/uploads\/2023\/12\/202311_13-1024x651.png 1024w, https:\/\/www.geschiedenismelderslo.nl\/wordpress\/wp-content\/uploads\/2023\/12\/202311_13-300x191.png 300w, https:\/\/www.geschiedenismelderslo.nl\/wordpress\/wp-content\/uploads\/2023\/12\/202311_13-768x488.png 768w, https:\/\/www.geschiedenismelderslo.nl\/wordpress\/wp-content\/uploads\/2023\/12\/202311_13-1536x976.png 1536w, https:\/\/www.geschiedenismelderslo.nl\/wordpress\/wp-content\/uploads\/2023\/12\/202311_13-2048x1301.png 2048w\" sizes=\"auto, (max-width: 501px) 100vw, 501px\" \/><\/a><figcaption class=\"wp-element-caption\">Afbeelding 13<\/figcaption><\/figure><\/div>\n\n\n<p>Vanaf dat moment werd de zaal vaker gebruikt voor feesten, partijen en bruiloften. Ook werden er regelmatig disco-avonden georganiseerd, waar niet alleen&nbsp;Melderslonaren, maar ook publiek van buiten het dorp op af kwam.<\/p>\n\n\n\n<p>In 1989 vond nogmaals een verbouwing plaats. Hierbij werd de zaal verder uitgebouwd richting de Vlasvenstraat, zodat deze een&nbsp;L-vorm&nbsp;kreeg. Tevens kwam aan de Vlasvenstraat een nieuwe ingang met garderobe en toiletgroepen. Na deze laatste verbouwing was de zaal nog beter geschikt voor bruiloften&nbsp;en partijen, voor kermis en carnaval, voor verenigingsactiviteiten, voor kienavonden en&nbsp;concerten. De zaal bood plaats aan 350 zitplaatsen of 1000 staanplaatsen (afb. 14 en&nbsp;15).<\/p>\n\n\n<div class=\"wp-block-image\">\n<figure class=\"aligncenter size-large\"><a href=\"http:\/\/www.geschiedenismelderslo.nl\/wordpress\/wp-content\/uploads\/2023\/12\/202311_14-scaled.jpg\" target=\"_blank\" rel=\"noreferrer noopener\"><img loading=\"lazy\" decoding=\"async\" width=\"1024\" height=\"679\" src=\"http:\/\/www.geschiedenismelderslo.nl\/wordpress\/wp-content\/uploads\/2023\/12\/202311_14-1024x679.jpg\" alt=\"202311_14\" class=\"wp-image-1414\" srcset=\"https:\/\/www.geschiedenismelderslo.nl\/wordpress\/wp-content\/uploads\/2023\/12\/202311_14-1024x679.jpg 1024w, https:\/\/www.geschiedenismelderslo.nl\/wordpress\/wp-content\/uploads\/2023\/12\/202311_14-300x199.jpg 300w, https:\/\/www.geschiedenismelderslo.nl\/wordpress\/wp-content\/uploads\/2023\/12\/202311_14-768x509.jpg 768w, https:\/\/www.geschiedenismelderslo.nl\/wordpress\/wp-content\/uploads\/2023\/12\/202311_14-1536x1019.jpg 1536w, https:\/\/www.geschiedenismelderslo.nl\/wordpress\/wp-content\/uploads\/2023\/12\/202311_14-2048x1358.jpg 2048w\" sizes=\"auto, (max-width: 1024px) 100vw, 1024px\" \/><\/a><figcaption class=\"wp-element-caption\">Afbeelding 14.<\/figcaption><\/figure><\/div>\n\n<div class=\"wp-block-image\">\n<figure class=\"aligncenter size-full\"><a href=\"http:\/\/www.geschiedenismelderslo.nl\/wordpress\/wp-content\/uploads\/2023\/12\/202311_15.png\" target=\"_blank\" rel=\"noreferrer noopener\"><img loading=\"lazy\" decoding=\"async\" width=\"891\" height=\"709\" src=\"http:\/\/www.geschiedenismelderslo.nl\/wordpress\/wp-content\/uploads\/2023\/12\/202311_15.png\" alt=\"202311_15\" class=\"wp-image-1415\" srcset=\"https:\/\/www.geschiedenismelderslo.nl\/wordpress\/wp-content\/uploads\/2023\/12\/202311_15.png 891w, https:\/\/www.geschiedenismelderslo.nl\/wordpress\/wp-content\/uploads\/2023\/12\/202311_15-300x239.png 300w, https:\/\/www.geschiedenismelderslo.nl\/wordpress\/wp-content\/uploads\/2023\/12\/202311_15-768x611.png 768w\" sizes=\"auto, (max-width: 891px) 100vw, 891px\" \/><\/a><figcaption class=\"wp-element-caption\">Afbeelding 15.<\/figcaption><\/figure><\/div>\n\n\n<p>Eind 2000 besloten Wim en El hun zaak te verkopen. Op 22 december van dat jaar namen ze afscheid.<\/p>\n\n\n\n<h2 class=\"wp-block-heading\"><strong>Caf\u00e9-zaal \u2019t Wiel&nbsp;&#8211;&nbsp;Frank en Miet Cox (2001-2005)<\/strong><\/h2>\n\n\n\n<p>Per 1 januari 2001 werden Frank en Miet&nbsp;Cox-Willemsen&nbsp;eigenaar van het caf\u00e9 en zaal. De offici\u00eble heropening vond plaats in het weekeinde van&nbsp;17&nbsp;en 18 maart 2001. Tijdens dit weekeinde werd onder andere een feestavond georganiseerd met optredens van Limburgse artiesten; zoals&nbsp;Thei&nbsp;en Marij, Dubbelop en Wiel Vestjens (afb. 16).<\/p>\n\n\n<div class=\"wp-block-image\">\n<figure class=\"aligncenter size-large\"><a href=\"http:\/\/www.geschiedenismelderslo.nl\/wordpress\/wp-content\/uploads\/2023\/12\/202311_16.png\" target=\"_blank\" rel=\"noreferrer noopener\"><img loading=\"lazy\" decoding=\"async\" width=\"1024\" height=\"846\" src=\"http:\/\/www.geschiedenismelderslo.nl\/wordpress\/wp-content\/uploads\/2023\/12\/202311_16-1024x846.png\" alt=\"202311_16\" class=\"wp-image-1416\" srcset=\"https:\/\/www.geschiedenismelderslo.nl\/wordpress\/wp-content\/uploads\/2023\/12\/202311_16-1024x846.png 1024w, https:\/\/www.geschiedenismelderslo.nl\/wordpress\/wp-content\/uploads\/2023\/12\/202311_16-300x248.png 300w, https:\/\/www.geschiedenismelderslo.nl\/wordpress\/wp-content\/uploads\/2023\/12\/202311_16-768x635.png 768w, https:\/\/www.geschiedenismelderslo.nl\/wordpress\/wp-content\/uploads\/2023\/12\/202311_16.png 1505w\" sizes=\"auto, (max-width: 1024px) 100vw, 1024px\" \/><\/a><figcaption class=\"wp-element-caption\">Afbeelding 16.<\/figcaption><\/figure><\/div>\n\n\n<p>Frank en Miet besloten om de zaak voort te zetten, op de manier zoals het bij Van&nbsp;Rijswijck&nbsp;gebeurde. Caf\u00e9-zaal \u2019t Wiel bleef het adres voor feesten, partijen en bruiloften. Ook de activiteiten rondom carnaval, als repetitieplek voor de fanfare of de wekelijkse kienavond bleven bestaan (afb. 17).<\/p>\n\n\n<div class=\"wp-block-image\">\n<figure class=\"aligncenter size-large\"><a href=\"http:\/\/www.geschiedenismelderslo.nl\/wordpress\/wp-content\/uploads\/2023\/12\/202311_17.png\" target=\"_blank\" rel=\"noreferrer noopener\"><img loading=\"lazy\" decoding=\"async\" width=\"1024\" height=\"692\" src=\"http:\/\/www.geschiedenismelderslo.nl\/wordpress\/wp-content\/uploads\/2023\/12\/202311_17-1024x692.png\" alt=\"202311_17\" class=\"wp-image-1417\" srcset=\"https:\/\/www.geschiedenismelderslo.nl\/wordpress\/wp-content\/uploads\/2023\/12\/202311_17-1024x692.png 1024w, https:\/\/www.geschiedenismelderslo.nl\/wordpress\/wp-content\/uploads\/2023\/12\/202311_17-300x203.png 300w, https:\/\/www.geschiedenismelderslo.nl\/wordpress\/wp-content\/uploads\/2023\/12\/202311_17-768x519.png 768w, https:\/\/www.geschiedenismelderslo.nl\/wordpress\/wp-content\/uploads\/2023\/12\/202311_17.png 1242w\" sizes=\"auto, (max-width: 1024px) 100vw, 1024px\" \/><\/a><figcaption class=\"wp-element-caption\">Afbeelding 17.<\/figcaption><\/figure><\/div>\n\n\n<p>In 2003 werd het appartement boven het caf\u00e9 vergroot, met een uitbreiding richting de zolder van de voormalige bakkerij van de co\u00f6peratie.<\/p>\n\n\n\n<p>De eerste jaren na de heropening van de zaak verliepen voorspoedig, maar na enkele jaren begon het aantal feesten en partijen af te nemen. De invoering van de euro was hier&nbsp;mede&nbsp;de oorzaak van.<br>Uiteindelijk besloot Frank Cox halverwege juli 2005 om noodgedwongen de deuren te sluiten en de zaak kwam leeg te staan. Hiermee kwam een einde aan de horeca in dit pand.<\/p>\n\n\n\n<h2 class=\"wp-block-heading\"><strong>Reddingsactie (najaar 2005)<\/strong><\/h2>\n\n\n\n<p>Door een aantal verenigingen die hierdoor hun onderdak verloren, werd een reddingsactie opgezet om het caf\u00e9 en zaal voor het dorp te behouden. De dorpsraad wilde de zaak graag openhouden, daarvoor zou een particuliere investeerder nodig zijn die \u2019t Wiel zou kopen om te exploiteren of verhuren. De gemeente zou dan de zaal huren, zodat \u2019t Wiel een soort van gemeenschapshuis zou worden. De plannen gingen uiteindelijk niet door en de zaak werd verkocht.<\/p>\n\n\n\n<p>Door de verkoop van het pand, dreigde de&nbsp;Melderslose&nbsp;carnaval van 2006 in het water te vallen. De carnavalsvereniging heeft toen in overleg het pand van de nieuwe koper kunnen huren. Met behulp van een groot aantal vrijwilligers konden de carnavalsactiviteiten in het caf\u00e9 en zaal alsnog doorgang vinden.<\/p>\n\n\n\n<h2 class=\"wp-block-heading\"><strong>Verbouwing tot appartementen en supermarkt (2006)<\/strong><\/h2>\n\n\n\n<p>Vlak na&nbsp;de carnaval van&nbsp;2006 vond de grote verbouwing plaats. Het caf\u00e9gedeelte en de oude bondszaal werden verbouwd tot appartement. Het oude biljartzaaltje aan de linkerkant van het caf\u00e9, werd eveneens tot appartement verbouwd.&nbsp; Op de plaats waar zich voorheen de schuifwand tussen de beide zalen bevond, werd een scheidingsmuur opgetrokken. De achterliggende grote zaal werd verbouwd tot supermarkt, met de ingang aan de Vlasvenstraat.  Deze supermarkt ging van start onder de naam Spar en opende op donderdag 8 juni 2006 haar deuren. John Janssen uit Baarlo werd de eerste eigenaar. Naast levensmiddelen kon men hier ook terecht voor onder andere strippenkaarten, postzegels, bloemen en planten. Tevens werd in de winkel een stomerij service geopend (afb. 18).<\/p>\n\n\n<div class=\"wp-block-image\">\n<figure class=\"aligncenter size-full\"><a href=\"http:\/\/www.geschiedenismelderslo.nl\/wordpress\/wp-content\/uploads\/2023\/12\/202311_18.png\" target=\"_blank\" rel=\"noreferrer noopener\"><img loading=\"lazy\" decoding=\"async\" width=\"878\" height=\"532\" src=\"http:\/\/www.geschiedenismelderslo.nl\/wordpress\/wp-content\/uploads\/2023\/12\/202311_18.png\" alt=\"202311_18\" class=\"wp-image-1418\" srcset=\"https:\/\/www.geschiedenismelderslo.nl\/wordpress\/wp-content\/uploads\/2023\/12\/202311_18.png 878w, https:\/\/www.geschiedenismelderslo.nl\/wordpress\/wp-content\/uploads\/2023\/12\/202311_18-300x182.png 300w, https:\/\/www.geschiedenismelderslo.nl\/wordpress\/wp-content\/uploads\/2023\/12\/202311_18-768x465.png 768w\" sizes=\"auto, (max-width: 878px) 100vw, 878px\" \/><\/a><figcaption class=\"wp-element-caption\">Afbeelding 18.<\/figcaption><\/figure><\/div>\n\n\n<p> Omstreeks het jaar 2016 werd de naam van de winkel gewijzigd in Buurtsuper Melderslo. Hierbij kreeg de winkel een nieuwe gevel met nieuwe logo\u2019s. Een tweede verandering vond plaats in maart 2019, toen er werd overgestapt op de Dagwinkel formule. De indeling van de winkel veranderde en het pand kreeg een nieuwe uitstraling.<br><br>John Janssen besloot in 2021 te stoppen als uitbater. Zijn rol werd per 15 maart van dat jaar overgenomen door Patrick Craenen, die daarvoor al enkele jaren in de&nbsp;Melderslose&nbsp;winkel werkzaam was. Momenteel (november 2023) is Craenen nog altijd eigenaar van de winkel (afb. 19).<\/p>\n\n\n<div class=\"wp-block-image\">\n<figure class=\"aligncenter size-large\"><a href=\"http:\/\/www.geschiedenismelderslo.nl\/wordpress\/wp-content\/uploads\/2023\/12\/202311_19-scaled.jpg\" target=\"_blank\" rel=\"noreferrer noopener\"><img loading=\"lazy\" decoding=\"async\" width=\"1024\" height=\"640\" src=\"http:\/\/www.geschiedenismelderslo.nl\/wordpress\/wp-content\/uploads\/2023\/12\/202311_19-1024x640.jpg\" alt=\"202311_19\" class=\"wp-image-1400\" srcset=\"https:\/\/www.geschiedenismelderslo.nl\/wordpress\/wp-content\/uploads\/2023\/12\/202311_19-1024x640.jpg 1024w, https:\/\/www.geschiedenismelderslo.nl\/wordpress\/wp-content\/uploads\/2023\/12\/202311_19-300x188.jpg 300w, https:\/\/www.geschiedenismelderslo.nl\/wordpress\/wp-content\/uploads\/2023\/12\/202311_19-768x480.jpg 768w, https:\/\/www.geschiedenismelderslo.nl\/wordpress\/wp-content\/uploads\/2023\/12\/202311_19-1536x960.jpg 1536w, https:\/\/www.geschiedenismelderslo.nl\/wordpress\/wp-content\/uploads\/2023\/12\/202311_19-2048x1280.jpg 2048w\" sizes=\"auto, (max-width: 1024px) 100vw, 1024px\" \/><\/a><figcaption class=\"wp-element-caption\">Afbeelding 19.<\/figcaption><\/figure><\/div>","protected":false},"excerpt":{"rendered":"<p>Nadat in 1917 een school, in 1919 een co\u00f6peratie en in 1921 een kerk was gebouwd, begon het dorp Melderslo langzaam te groeien. Niet alleen de bevolking nam toe, ook kwam het verenigingsleven tot ontwikkeling. Een geschikte vergaderruimte voor deze verenigingen was niet voorhanden. Vaak werd een lege ruimte van de lagere school of bakkerij &hellip; <a href=\"https:\/\/www.geschiedenismelderslo.nl\/wordpress\/nieuwsbrief\/2023-2\/dagwinkel\/\" class=\"more-link\">Lees verder <span class=\"screen-reader-text\">2023-11: Wist u dat &#8230; pand van Dagwinkel ooit als Bondszaal begon?<\/span> <span class=\"meta-nav\">&rarr;<\/span><\/a><\/p>\n","protected":false},"author":2,"featured_media":0,"parent":1299,"menu_order":2,"comment_status":"closed","ping_status":"closed","template":"","meta":{"footnotes":""},"class_list":["post-1419","page","type-page","status-publish","hentry"],"_links":{"self":[{"href":"https:\/\/www.geschiedenismelderslo.nl\/wordpress\/wp-json\/wp\/v2\/pages\/1419","targetHints":{"allow":["GET"]}}],"collection":[{"href":"https:\/\/www.geschiedenismelderslo.nl\/wordpress\/wp-json\/wp\/v2\/pages"}],"about":[{"href":"https:\/\/www.geschiedenismelderslo.nl\/wordpress\/wp-json\/wp\/v2\/types\/page"}],"author":[{"embeddable":true,"href":"https:\/\/www.geschiedenismelderslo.nl\/wordpress\/wp-json\/wp\/v2\/users\/2"}],"replies":[{"embeddable":true,"href":"https:\/\/www.geschiedenismelderslo.nl\/wordpress\/wp-json\/wp\/v2\/comments?post=1419"}],"version-history":[{"count":4,"href":"https:\/\/www.geschiedenismelderslo.nl\/wordpress\/wp-json\/wp\/v2\/pages\/1419\/revisions"}],"predecessor-version":[{"id":1423,"href":"https:\/\/www.geschiedenismelderslo.nl\/wordpress\/wp-json\/wp\/v2\/pages\/1419\/revisions\/1423"}],"up":[{"embeddable":true,"href":"https:\/\/www.geschiedenismelderslo.nl\/wordpress\/wp-json\/wp\/v2\/pages\/1299"}],"wp:attachment":[{"href":"https:\/\/www.geschiedenismelderslo.nl\/wordpress\/wp-json\/wp\/v2\/media?parent=1419"}],"curies":[{"name":"wp","href":"https:\/\/api.w.org\/{rel}","templated":true}]}}